{"version":"1.0","provider_name":"Mesef\u00f6ld","provider_url":"https:\/\/mesefold.cafeblog.hu","author_name":"K\u00f6rm\u00f6ndy T\u00edmea","author_url":"https:\/\/mesefold.cafeblog.hu\/author\/kormondy_timea\/","title":"\u00c9letre kelt rajzok","html":"<p style=\"text-align: justify\">L\u00e9tezik az utcai m\u0171v\u00e9szetnek vagy street art-nak egy igaz\u00e1n leny\u0171g\u00f6z\u0151 v\u00e1lfaja, ez a 3 dimenzi\u00f3s utcai aszfalt rajzok m\u0171v\u00e9szete. Az alkot\u00f3k hosszan elny\u00fajtott rajzokat k\u00e9sz\u00edtenek a f\u00f6ldre, amelyek egy bizonyos szemsz\u00f6gb\u0151l t\u00f6k\u00e9letesen azt az ill\u00fazi\u00f3t keltik, mintha val\u00f3ban egy m\u00e1sik vil\u00e1g rejt\u0151zne az aszfalt alatt. Csod\u00e1latos festm\u00e9nyek, m\u00f3k\u00e1s rajzok, teljes az ill\u00fazi\u00f3.<\/p>\r\n<p style=\"text-align: justify\">\u00a0<\/p>\r\n<p style=\"text-align: justify\"><img class=\" wp-image-747 aligncenter\" src=\"https:\/\/mesefold.cafeblog.hu\/files\/2016\/10\/b\u00e9ka-300x201.jpg\" alt=\"beka\" width=\"473\" height=\"317\" \/><\/p>\r\n<p style=\"text-align: justify\">\u00a0<\/p>\r\n<p style=\"text-align: justify\"><img class=\" wp-image-748 aligncenter\" src=\"https:\/\/mesefold.cafeblog.hu\/files\/2016\/10\/kiemeltk\u00e9p-300x200.jpg\" alt=\"kiemeltkep\" width=\"476\" height=\"317\" \/><\/p>\r\n<p style=\"text-align: justify\">\u00a0<\/p>\r\n<p style=\"text-align: justify\"><img class=\" wp-image-749 aligncenter\" src=\"https:\/\/mesefold.cafeblog.hu\/files\/2016\/10\/szakad\u00e9k-300x200.jpg\" alt=\"szakadek\" width=\"460\" height=\"307\" \/><\/p>\r\n<p style=\"text-align: justify\">\u00a0<\/p>\r\n<p style=\"text-align: justify\"><img class=\" wp-image-750 aligncenter\" src=\"https:\/\/mesefold.cafeblog.hu\/files\/2016\/10\/tigris-300x225.jpg\" alt=\"tigris\" width=\"458\" height=\"343\" \/><\/p>\r\n<hr \/>\r\n<p style=\"text-align: right\">MESEF\u00d6LD Magazin|K\u00f6rm\u00f6ndy T\u00edmea<br \/><br \/><\/p>\r\n<h3 style=\"text-align: center\"><strong>Ha a bejegyz\u00e9s elnyerte a tetsz\u00e9sedet, csatlakozz az \u00edr\u00f3i k\u00f6z\u00f6ss\u00e9gemhez :-)<\/strong><\/h3>\r\n<p style=\"text-align: right\"><img class=\"alignright\" src=\"https:\/\/mesefold.cafeblog.hu\/files\/2016\/09\/arrow-319327_960_720.png\" alt=\"Ny\u00edl, F\u00e9lig, H\u00e1romsz\u00f6g, Fordulj Jobbra\" width=\"165\" height=\"151\" \/><\/p>\r\n<div class=\"fb-page\" style=\"text-align: left\" data-href=\"https:\/\/www.facebook.com\/fabatkomese\">\r\n<blockquote class=\"fb-xfbml-parse-ignore\" cite=\"https:\/\/www.facebook.com\/fabatkomese\"><a href=\"https:\/\/www.facebook.com\/fabatkomese\">K\u00f6rm\u00f6ndy T\u00edmea \u00edr\u00f3i oldala<\/a><\/blockquote>\r\n<\/div>","type":"rich","thumbnail_url":"https:\/\/mesefold.cafeblog.hu\/files\/2016\/10\/v\u00edzes\u00e9s-150x150.jpg","thumbnail_width":150,"thumbnail_height":150}