{"version":"1.0","provider_name":"Mesef\u00f6ld","provider_url":"https:\/\/mesefold.cafeblog.hu","author_name":"K\u00f6rm\u00f6ndy T\u00edmea","author_url":"https:\/\/mesefold.cafeblog.hu\/author\/kormondy_timea\/","title":"\"Itt nem csak j\u00f3k vannak \u00e9s rosszak.\"","html":"<p style=\"text-align: justify\">Ezeken a hideg, \u00e9s borong\u00f3s, de sz\u00e1momra mesesz\u00e9p t\u00e9li napokon t\u00f6bbsz\u00f6r el\u0151veszem a Fabatk\u00f3 sztorim kritikusainak eddigi \u00edr\u00e1sait. Okulni szeretn\u00e9k bel\u0151l\u00fck, \u00e9s \u00e9rdekesnek tal\u00e1lom, hogy m\u00e1sok mit gondolnak, vagy mit l\u00e1tnak bele a mes\u00e9mbe. A moly.hu egyik kedves blogger-re \u00edgy fogalmazott:<\/p>\r\n<p style=\"text-align: justify\">\"...\u00c9rdekes mese l\u00e9nyek, n\u00e9ha futurisztikusak, n\u00e9hol pedig m\u00e1r sokszor elmes\u00e9ltek...\"<\/p>\r\n<p style=\"text-align: justify\">Hm..h\u00e1t igen. Az \u00e9n hibiszke man\u00f3m Fabatk\u00f3, a t\u00f6bbi mesel\u00e9nnyel egy\u00fctt \u00e9l Meseorsz\u00e1gban. \u00c9n \u00fagy k\u00e9pzelem, hogy ebben az orsz\u00e1gban j\u00f3l megf\u00e9rnek egy\u00fctt a r\u00e9gen, \u00e9s a mai id\u0151kben kital\u00e1lt fantasztikus l\u00e9nyek. A hibiszk\u00e9m v\u00e1ndorl\u00e1sa sor\u00e1n belebotlik a m\u00e1r mindenki sz\u00e1m\u00e1ra j\u00f3l ismert meseh\u0151s\u00f6kbe, \u00e9s eddig a mes\u00e9kb\u0151l nem ismert, \u00faj szerepl\u0151kkel is tal\u00e1lkozik. Akiket \u00e9n tal\u00e1ltam ki :-) Az \u00e9n Fant\u00e1zia orsz\u00e1gomban a r\u00e9gi, \u00e9s az \u00faj egy\u00fctt \u00e9l, \u00edgy kerek az \u00e9n mesevil\u00e1gom.<\/p>\r\n<p style=\"text-align: justify\">\"...\u00dajszer\u0171 megk\u00f6zel\u00edt\u00e9s a mese m\u0171faj\u00e1n bel\u00fcl. Itt nem csak j\u00f3k vannak \u00e9s rosszak. Nem csak \"megb\u00e1ntam \u00e9s semmi bajom nem lesz, megbocs\u00e1tanak\"...\"<\/p>\r\n<p style=\"text-align: justify\">Szerintem, ahogy az emberek sem j\u00f3k, vagy rosszak, \u00fagy a meseszerepl\u0151imt\u0151l sem v\u00e1rhatom el, hogy csak j\u00f3, vagy csak rossz tulajdons\u00e1gaik legyenek. Hiszen a legnemesebb jellemvon\u00e1sokkal felruh\u00e1zott embereknek is vannak gyenges\u00e9geik. Fabatk\u00f3, egy k\u00f6teless\u00e9gtud\u00f3, szorgalmas n\u00e9p tagja, sz\u00fcleit\u0151l csupa j\u00f3 viselked\u00e9si mint\u00e1t l\u00e1tott. M\u00e9gis egy gyenge pillanat\u00e1ban, elk\u00f6vetett egy akkor m\u00e9g jelent\u00e9ktelennek t\u0171n\u0151 ball\u00e9p\u00e9st, ami k\u00e9s\u0151bb s\u00falyos k\u00f6vetkezm\u00e9nyeket vont maga ut\u00e1n. De a becs\u00fcletes n\u00e9pe, \u00e9s a sz\u00fclei p\u00e9ldamutat\u00e1sa miatt, tudta mi a k\u00f6teless\u00e9ge, \u00e9s a hib\u00e1j\u00e1t felv\u00e1llalta. Ezt nagyon fontosnak tartom.<\/p>\r\n<hr \/>\r\n<p style=\"text-align: center\"><strong>Ha a bejegyz\u00e9s elnyerte a tetsz\u00e9sedet, csatlakozz az \u00edr\u00f3i k\u00f6z\u00f6ss\u00e9gemhez :-)<\/strong><\/p>\r\n<div class=\"fb-page\" style=\"text-align: center\" data-href=\"https:\/\/www.facebook.com\/fabatkomese\">\r\n<blockquote class=\"fb-xfbml-parse-ignore\" cite=\"https:\/\/www.facebook.com\/fabatkomese\"><a href=\"https:\/\/www.facebook.com\/fabatkomese\">K\u00f6rm\u00f6ndy T\u00edmea \u00edr\u00f3i oldala<\/a><\/blockquote>\r\n<\/div>","type":"rich","thumbnail_url":"https:\/\/mesefold.cafeblog.hu\/files\/2016\/07\/dekor1-150x150.jpg","thumbnail_width":150,"thumbnail_height":150}